{"id":575,"date":"2016-11-19T07:49:36","date_gmt":"2016-11-19T07:49:36","guid":{"rendered":"http:\/\/f-integral.org\/background\/"},"modified":"2016-11-30T16:46:00","modified_gmt":"2016-11-30T16:46:00","slug":"background","status":"publish","type":"page","link":"https:\/\/f-integral.org\/es\/background\/","title":{"rendered":"Historia"},"content":{"rendered":"<div class=\"about-container abt-background\">\n<p>La <strong>evoluci\u00f3n de la econom\u00eda mundial<\/strong> en los \u00faltimos a\u00f1os se ha caracterizado por una <strong>mayor integraci\u00f3n de las econom\u00edas nacionales<\/strong>. Este fen\u00f3meno, denominado <strong>globalizaci\u00f3n<\/strong>, ha estado asociado con una importancia determinante del crecimiento del comercio internacional, de las inversiones y de los flujos de capitales financieros.<\/p>\n<p>Entre los m\u00faltiples hechos que han signado esta evoluci\u00f3n, dos se destacan fundamentalmente:<\/p>\n<li>\n<p>El primero, la modificaci\u00f3n de las pol\u00edticas comerciales nacionales, que involucra un cambio hacia una mayor apertura y la desregulaci\u00f3n en los pa\u00edses en desarrollo, cambio que est\u00e1 invariablemente relacionado con el rol del comercio internacional como motor del desarrollo econ\u00f3mico.<\/p>\n<\/li>\n<li>\n<p>El segundo, el aumento de la preocupaci\u00f3n por la dimensi\u00f3n social del crecimiento econ\u00f3mico en el contexto de la globalizaci\u00f3n. Ante la evidencia de que el dinamismo de la relaci\u00f3n entre comercio y desarrollo econ\u00f3mico no ha redundado autom\u00e1ticamente en la propagaci\u00f3n de los beneficios del crecimiento hacia las capas m\u00e1s pobres de la sociedad y, por ende, no ha contribuido en la medida de lo esperado a reducir o erradicar la pobreza, ni a generar progreso social en su sentido m\u00e1s amplio, surgi\u00f3 el enfoque de Desarrollo Humano, paradigma que comprende variados par\u00e1metros, tales como acceso a la educaci\u00f3n, mayor calidad en la alimentaci\u00f3n y la atenci\u00f3n de la salud p\u00fablica, reducci\u00f3n de la desigualdad econ\u00f3mica, mayor participaci\u00f3n y libertad de elecci\u00f3n de los individuos, y sostenibilidad en t\u00e9rminos ecol\u00f3gicos, econ\u00f3micos y sociales.<\/p>\n<\/li>\n<p>En el <strong>plano econ\u00f3mico-comercial<\/strong>, dos son los vectores que han venido motorizando el incremento de los flujos de intercambio de bienes y servicios y los movimientos de capitales.<\/p>\n<p>El primero de ellos es <strong>la tecnolog\u00eda<\/strong>, fundamentalmente en funci\u00f3n del desarrollo de la tecnolog\u00eda de la comunicaci\u00f3n y la inform\u00e1tica, en t\u00e9rminos de avance tecnol\u00f3gico y de reducci\u00f3n de costos. Ambas fuerzas han posibilitado que se extreme la combinaci\u00f3n especializaci\u00f3n productiva &#8211; divisi\u00f3n internacional del trabajo, al punto que una firma que opera hoy a escala internacional puede localizar cualquier parte de sus actividades en puntos remotos del planeta y controlarlos, a un costo sumamente reducido, desde una central, sin necesidad alguna de empleo f\u00edsico de recursos en el punto de la localizaci\u00f3n. Del mismo modo, la frontera entre los bienes comerciables y no comerciables se ha desplazado y se desplaza permanentemente, aumentando la proporci\u00f3n de los primeros sobre los segundos, efecto \u00e9ste que refuerza a\u00fan m\u00e1s la tendencia anterior. Por otra parte, la mayor gama de opciones de localizaci\u00f3n de actividades ahora disponible, aument\u00f3 la competencia entre las naciones por la atracci\u00f3n de las inversiones.<\/p>\n<p>El segundo vector ha sido la<strong> liberalizaci\u00f3n de los aranceles sobre el comercio<\/strong>, a partir de las rebajas negociadas en el marco del GATT &#8211; OMC y\/o de decisiones nacionales unilaterales de apertura comercial, que ha sido tambi\u00e9n acompa\u00f1ada, en la mayor\u00eda de los casos, por una mayor apertura a los ingresos y egresos de capitales. Esta liberalizaci\u00f3n, sin embargo, fue tambi\u00e9n considerablemente reforzada por la ca\u00edda tendencial e importante de los costos del transporte.<\/p>\n<p>El <strong>crecimiento de los flujos internacionales de capitales<\/strong> &#8211; junto con la mayor apertura de los sistemas financieros ya apuntada &#8211; ha sido tambi\u00e9n un factor impulsor de la globalizaci\u00f3n, as\u00ed como su orientaci\u00f3n, ahora m\u00e1s dirigida hacia actividades con alcance mundial, a diferencia del per\u00edodo anterior, cuando predominaba la atenci\u00f3n de los mercados internos, adem\u00e1s de incrementarse tambi\u00e9n las relaciones financieras interempresarias, \u00abatadas\u00bb a negocios de complementaci\u00f3n productiva. Esto potenci\u00f3 enormemente el aumento del comercio internacional y, al mismo tiempo, disminuy\u00f3 el grado de autonom\u00eda de manejo de las pol\u00edticas monetarias y cambiarias nacionales, incrementando la sensibilidad de estas econom\u00edas a los movimientos financieros, tal como se ha presenciado en la velocidad y magnitud de difusi\u00f3n de las crisis en los tiempos recientes.<\/p>\n<p><strong>La mayor integraci\u00f3n de las econom\u00edas y la consecuentemente mayor complejidad de las relaciones de intercambio comercial internacional han multiplicado las fuentes de conflicto comercial,<\/strong> ahora debidas no a la existencia de aranceles u otras restricciones sobre los productos intercambiados, sino a la presencia de pol\u00edticas comerciales o sobre disciplinas conexas que afectan la competitividad relativa de las actividades localizadas en los \u00e1mbitos geogr\u00e1ficos nacionales, en virtud de la incidencia de distintos marcos regulatorios. Es por esta raz\u00f3n que los \u00abmen\u00fas\u00bb de negociaci\u00f3n comercial internacional incorporan la discusi\u00f3n sobre las pol\u00edticas comerciales y disciplinas conexas, m\u00e1s que sobre el tratamiento comercial que se acuerda a los productos comercializados.<\/p>\n<p><strong>La reinserci\u00f3n internacional de los pa\u00edses en desarrollo<\/strong> se ha dado a trav\u00e9s de dos formas, no excluyentes entre s\u00ed: adopci\u00f3n de <strong>medidas unilaterales de apertura comercial<\/strong> o suscripci\u00f3n de <strong>acuerdos de integraci\u00f3n regional.<\/strong> Para las econom\u00edas en desarrollo, individualmente consideradas, el mejoramiento de las condiciones de acceso al mercado de los pa\u00edses desarrollados implica una serie de concesiones con relaci\u00f3n a sus pol\u00edticas y disciplinas comerciales, que les restan autonom\u00eda de manejo sobre las mismas. Por ello, la formaci\u00f3n de bloques regionales &#8211; como es el caso del Mercosur &#8211; puede verse como la alternativa elegida para ampliar el mercado con fronteras acotadas y en un marco de mayor homogeneidad de las econom\u00edas nacionales involucradas. En ese marco, la convergencia de las pol\u00edticas comerciales hacia los est\u00e1ndares negociados o a negociarse multilateralmente, se hace m\u00e1s sencilla y menos costosa. Asimismo, la negociaci\u00f3n de acuerdos regionales posibilita, dentro de ciertos m\u00e1rgenes, el levantamiento discriminatorio de determinadas restricciones que se mantienen en el \u00e1mbito multilateral, al amparo de las normas de la OMC.<\/p>\n<p>Por \u00faltimo, los acontecimientos en la escena internacional ocurren a un ritmo varias veces m\u00e1s r\u00e1pido que la capacidad de los protagonistas para analizarlos y prevenirlos. La instantaneidad de las comunicaciones ha contribuido a enriquecer el conocimiento y a difundir ampliamente la informaci\u00f3n sobre lo que sucede en cada rinc\u00f3n del mundo pero, al mismo tiempo, ha sobrepasado los l\u00edmites materiales para procesarla, transform\u00e1ndola en un conjunto complejo y sofisticado de variables que acotan considerablemente el tiempo disponible para la reflexi\u00f3n sobre el significado de los cambios que se verifican d\u00eda a d\u00eda y que plantean problemas de toda naturaleza, desde la \u00e9tica fundamental de la vida humana hasta la evoluci\u00f3n de las relaciones econ\u00f3micas y comerciales entre las personas y las naciones.<\/p>\n<\/div>\n<\/div>\n","protected":false},"excerpt":{"rendered":"<p>La evoluci\u00f3n de la econom\u00eda mundial en los \u00faltimos a\u00f1os se ha caracterizado por una mayor integraci\u00f3n de las econom\u00edas nacionales. Este fen\u00f3meno, denominado globalizaci\u00f3n, ha estado asociado con una importancia determinante del crecimiento del comercio internacional, de las inversiones y de los flujos de capitales financieros. Entre los m\u00faltiples &hellip;<\/p>\n","protected":false},"author":31,"featured_media":0,"parent":0,"menu_order":0,"comment_status":"closed","ping_status":"closed","template":"","meta":{"footnotes":""},"class_list":["post-575","page","type-page","status-publish","hentry"],"yoast_head":"<!-- This site is optimized with the Yoast SEO plugin v27.4 - https:\/\/yoast.com\/product\/yoast-seo-wordpress\/ -->\n<title>Historia - Center of Studies onEconomic Integration and International Trade<\/title>\n<meta name=\"robots\" content=\"index, follow, max-snippet:-1, max-image-preview:large, max-video-preview:-1\" \/>\n<link rel=\"canonical\" href=\"https:\/\/f-integral.org\/es\/background\/\" \/>\n<meta property=\"og:locale\" content=\"es_ES\" \/>\n<meta property=\"og:type\" content=\"article\" \/>\n<meta property=\"og:title\" content=\"Historia - Center of Studies onEconomic Integration and International Trade\" \/>\n<meta property=\"og:description\" content=\"La evoluci\u00f3n de la econom\u00eda mundial en los \u00faltimos a\u00f1os se ha caracterizado por una mayor integraci\u00f3n de las econom\u00edas nacionales. Este fen\u00f3meno, denominado globalizaci\u00f3n, ha estado asociado con una importancia determinante del crecimiento del comercio internacional, de las inversiones y de los flujos de capitales financieros. Entre los m\u00faltiples &hellip;\" \/>\n<meta property=\"og:url\" content=\"https:\/\/f-integral.org\/es\/background\/\" \/>\n<meta property=\"og:site_name\" content=\"Center of Studies onEconomic Integration and International Trade\" \/>\n<meta property=\"article:publisher\" content=\"https:\/\/www.facebook.com\/fInteg\" \/>\n<meta property=\"article:modified_time\" content=\"2016-11-30T16:46:00+00:00\" \/>\n<meta name=\"twitter:card\" content=\"summary_large_image\" \/>\n<meta name=\"twitter:site\" content=\"@Integral2013\" \/>\n<meta name=\"twitter:label1\" content=\"Tiempo de lectura\" \/>\n\t<meta name=\"twitter:data1\" content=\"6 minutos\" \/>\n<script type=\"application\/ld+json\" class=\"yoast-schema-graph\">{\"@context\":\"https:\\\/\\\/schema.org\",\"@graph\":[{\"@type\":\"WebPage\",\"@id\":\"https:\\\/\\\/f-integral.org\\\/es\\\/background\\\/\",\"url\":\"https:\\\/\\\/f-integral.org\\\/es\\\/background\\\/\",\"name\":\"Historia - Center of Studies onEconomic Integration and International Trade\",\"isPartOf\":{\"@id\":\"https:\\\/\\\/f-integral.org\\\/#website\"},\"datePublished\":\"2016-11-19T07:49:36+00:00\",\"dateModified\":\"2016-11-30T16:46:00+00:00\",\"breadcrumb\":{\"@id\":\"https:\\\/\\\/f-integral.org\\\/es\\\/background\\\/#breadcrumb\"},\"inLanguage\":\"es\",\"potentialAction\":[{\"@type\":\"ReadAction\",\"target\":[\"https:\\\/\\\/f-integral.org\\\/es\\\/background\\\/\"]}]},{\"@type\":\"BreadcrumbList\",\"@id\":\"https:\\\/\\\/f-integral.org\\\/es\\\/background\\\/#breadcrumb\",\"itemListElement\":[{\"@type\":\"ListItem\",\"position\":1,\"name\":\"Home\",\"item\":\"https:\\\/\\\/f-integral.org\\\/es\\\/\"},{\"@type\":\"ListItem\",\"position\":2,\"name\":\"Historia\"}]},{\"@type\":\"WebSite\",\"@id\":\"https:\\\/\\\/f-integral.org\\\/#website\",\"url\":\"https:\\\/\\\/f-integral.org\\\/\",\"name\":\"Center of Studies onEconomic Integration and International Trade\",\"description\":\"INTEGRAL Site\",\"publisher\":{\"@id\":\"https:\\\/\\\/f-integral.org\\\/#organization\"},\"potentialAction\":[{\"@type\":\"SearchAction\",\"target\":{\"@type\":\"EntryPoint\",\"urlTemplate\":\"https:\\\/\\\/f-integral.org\\\/?s={search_term_string}\"},\"query-input\":{\"@type\":\"PropertyValueSpecification\",\"valueRequired\":true,\"valueName\":\"search_term_string\"}}],\"inLanguage\":\"es\"},{\"@type\":\"Organization\",\"@id\":\"https:\\\/\\\/f-integral.org\\\/#organization\",\"name\":\"Center of Studies on Economic Integration and International Trade\",\"url\":\"https:\\\/\\\/f-integral.org\\\/\",\"logo\":{\"@type\":\"ImageObject\",\"inLanguage\":\"es\",\"@id\":\"https:\\\/\\\/f-integral.org\\\/#\\\/schema\\\/logo\\\/image\\\/\",\"url\":\"https:\\\/\\\/f-integral.org\\\/wp-content\\\/uploads\\\/2017\\\/05\\\/Integral_Favicon.jpg\",\"contentUrl\":\"https:\\\/\\\/f-integral.org\\\/wp-content\\\/uploads\\\/2017\\\/05\\\/Integral_Favicon.jpg\",\"width\":512,\"height\":512,\"caption\":\"Center of Studies on Economic Integration and International Trade\"},\"image\":{\"@id\":\"https:\\\/\\\/f-integral.org\\\/#\\\/schema\\\/logo\\\/image\\\/\"},\"sameAs\":[\"https:\\\/\\\/www.facebook.com\\\/fInteg\",\"https:\\\/\\\/x.com\\\/Integral2013\",\"https:\\\/\\\/twitter.com\\\/Integral2013\"]}]}<\/script>\n<!-- \/ Yoast SEO plugin. -->","yoast_head_json":{"title":"Historia - Center of Studies onEconomic Integration and International Trade","robots":{"index":"index","follow":"follow","max-snippet":"max-snippet:-1","max-image-preview":"max-image-preview:large","max-video-preview":"max-video-preview:-1"},"canonical":"https:\/\/f-integral.org\/es\/background\/","og_locale":"es_ES","og_type":"article","og_title":"Historia - Center of Studies onEconomic Integration and International Trade","og_description":"La evoluci\u00f3n de la econom\u00eda mundial en los \u00faltimos a\u00f1os se ha caracterizado por una mayor integraci\u00f3n de las econom\u00edas nacionales. Este fen\u00f3meno, denominado globalizaci\u00f3n, ha estado asociado con una importancia determinante del crecimiento del comercio internacional, de las inversiones y de los flujos de capitales financieros. Entre los m\u00faltiples &hellip;","og_url":"https:\/\/f-integral.org\/es\/background\/","og_site_name":"Center of Studies onEconomic Integration and International Trade","article_publisher":"https:\/\/www.facebook.com\/fInteg","article_modified_time":"2016-11-30T16:46:00+00:00","twitter_card":"summary_large_image","twitter_site":"@Integral2013","twitter_misc":{"Tiempo de lectura":"6 minutos"},"schema":{"@context":"https:\/\/schema.org","@graph":[{"@type":"WebPage","@id":"https:\/\/f-integral.org\/es\/background\/","url":"https:\/\/f-integral.org\/es\/background\/","name":"Historia - Center of Studies onEconomic Integration and International Trade","isPartOf":{"@id":"https:\/\/f-integral.org\/#website"},"datePublished":"2016-11-19T07:49:36+00:00","dateModified":"2016-11-30T16:46:00+00:00","breadcrumb":{"@id":"https:\/\/f-integral.org\/es\/background\/#breadcrumb"},"inLanguage":"es","potentialAction":[{"@type":"ReadAction","target":["https:\/\/f-integral.org\/es\/background\/"]}]},{"@type":"BreadcrumbList","@id":"https:\/\/f-integral.org\/es\/background\/#breadcrumb","itemListElement":[{"@type":"ListItem","position":1,"name":"Home","item":"https:\/\/f-integral.org\/es\/"},{"@type":"ListItem","position":2,"name":"Historia"}]},{"@type":"WebSite","@id":"https:\/\/f-integral.org\/#website","url":"https:\/\/f-integral.org\/","name":"Center of Studies onEconomic Integration and International Trade","description":"INTEGRAL Site","publisher":{"@id":"https:\/\/f-integral.org\/#organization"},"potentialAction":[{"@type":"SearchAction","target":{"@type":"EntryPoint","urlTemplate":"https:\/\/f-integral.org\/?s={search_term_string}"},"query-input":{"@type":"PropertyValueSpecification","valueRequired":true,"valueName":"search_term_string"}}],"inLanguage":"es"},{"@type":"Organization","@id":"https:\/\/f-integral.org\/#organization","name":"Center of Studies on Economic Integration and International Trade","url":"https:\/\/f-integral.org\/","logo":{"@type":"ImageObject","inLanguage":"es","@id":"https:\/\/f-integral.org\/#\/schema\/logo\/image\/","url":"https:\/\/f-integral.org\/wp-content\/uploads\/2017\/05\/Integral_Favicon.jpg","contentUrl":"https:\/\/f-integral.org\/wp-content\/uploads\/2017\/05\/Integral_Favicon.jpg","width":512,"height":512,"caption":"Center of Studies on Economic Integration and International Trade"},"image":{"@id":"https:\/\/f-integral.org\/#\/schema\/logo\/image\/"},"sameAs":["https:\/\/www.facebook.com\/fInteg","https:\/\/x.com\/Integral2013","https:\/\/twitter.com\/Integral2013"]}]}},"_links":{"self":[{"href":"https:\/\/f-integral.org\/es\/wp-json\/wp\/v2\/pages\/575","targetHints":{"allow":["GET"]}}],"collection":[{"href":"https:\/\/f-integral.org\/es\/wp-json\/wp\/v2\/pages"}],"about":[{"href":"https:\/\/f-integral.org\/es\/wp-json\/wp\/v2\/types\/page"}],"author":[{"embeddable":true,"href":"https:\/\/f-integral.org\/es\/wp-json\/wp\/v2\/users\/31"}],"replies":[{"embeddable":true,"href":"https:\/\/f-integral.org\/es\/wp-json\/wp\/v2\/comments?post=575"}],"version-history":[{"count":0,"href":"https:\/\/f-integral.org\/es\/wp-json\/wp\/v2\/pages\/575\/revisions"}],"wp:attachment":[{"href":"https:\/\/f-integral.org\/es\/wp-json\/wp\/v2\/media?parent=575"}],"curies":[{"name":"wp","href":"https:\/\/api.w.org\/{rel}","templated":true}]}}